{"id":3,"date":"2022-05-06T08:53:31","date_gmt":"2022-05-06T08:53:31","guid":{"rendered":"https:\/\/martontoth.net\/?page_id=3"},"modified":"2026-02-10T10:17:54","modified_gmt":"2026-02-10T10:17:54","slug":"adatkezelesi-tajekoztato","status":"publish","type":"page","link":"https:\/\/martontoth.net\/en\/adatkezelesi-tajekoztato\/","title":{"rendered":"Adatkezel\u00e9si t\u00e1j\u00e9koztat\u00f3"},"content":{"rendered":"<h2 class=\"wp-block-heading\">Alapfogalmak<\/h2>\n\n\n\n<p><strong>Adatkezel\u00e9s: <\/strong>A szem\u00e9lyes adatokon vagy adat\u00e1llom\u00e1nyokon automatiz\u00e1lt vagy nem automatiz\u00e1lt m\u00f3don v\u00e9gzett b\u00e1rmely m\u0171velet vagy m\u0171veletek \u00f6sszess\u00e9ge, p\u00e9ld\u00e1ul: gy\u0171jt\u00e9s, r\u00f6gz\u00edt\u00e9s, rendszerez\u00e9s, tagol\u00e1s, t\u00e1rol\u00e1s, \u00e1talak\u00edt\u00e1s, megv\u00e1ltoztat\u00e1s, lek\u00e9rdez\u00e9s, betekint\u00e9s, felhaszn\u00e1l\u00e1s, k\u00f6zl\u00e9s, tov\u00e1bb\u00edt\u00e1s, terjeszt\u00e9s, egy\u00e9b m\u00f3don t\u00f6rt\u00e9n\u0151 hozz\u00e1f\u00e9rhet\u0151v\u00e9 t\u00e9tel, \u00f6sszehangol\u00e1s, \u00f6sszekapcsol\u00e1s, korl\u00e1toz\u00e1s, t\u00f6rl\u00e9s, megsemmis\u00edt\u00e9s.<\/p>\n\n\n\n<p><strong>Adatfeldolgoz\u00e1s: <\/strong>Technikai jelleg\u0171 adatkezel\u00e9s.<\/p>\n\n\n\n<p><strong>Szem\u00e9lyes adat: <\/strong>A term\u00e9szetes szem\u00e9lyre, azaz az \u00e9rintettre vonatkoz\u00f3 b\u00e1rmely inform\u00e1ci\u00f3, mely k\u00f6zvetlen vagy k\u00f6zvetett m\u00f3don, valamely azonos\u00edt\u00f3, p\u00e9ld\u00e1ul: n\u00e9v, azonos\u00edt\u00f3 sz\u00e1m, helymeghat\u00e1roz\u00f3 adat, online azonos\u00edt\u00f3, fizikai, fiziol\u00f3giai, genetikai, szellemi, gazdas\u00e1gi, kultur\u00e1lis vagy szoci\u00e1lis azonoss\u00e1g\u00e1ra vonatkoz\u00f3 egy vagy t\u00f6bb t\u00e9nyez\u0151 alapj\u00e1n azonos\u00edthat\u00f3.<\/p>\n\n\n\n<p>Megb\u00edzott adatkezel\u0151k\u00e9nt \u00e9s adatfeldolgoz\u00f3k\u00e9nt elk\u00f6telezett mindazon szem\u00e9lyek mag\u00e1nszf\u00e9r\u00e1j\u00e1nak \u00e9s szem\u00e9lyes adatainak v\u00e9delme ir\u00e1nt, akik szem\u00e9lyes adatokat adnak \u00e1t.<\/p>\n\n\n\n<p>10.2 Adatkezel\u00e9ssel kapcsolatos inform\u00e1ci\u00f3k<\/p>\n\n\n\n<p>Adatkezel\u0151 neve: T\u00f3th M\u00e1rton egy\u00e9ni v\u00e1llalkoz\u00f3<\/p>\n\n\n\n<p>Sz\u00e9khelye\/c\u00edme: 2461 T\u00e1rnok, Munk\u00e1csy utca 39.<\/p>\n\n\n\n<p>Weboldala: www.martontoth.net<\/p>\n\n\n\n<p>Telefonsz\u00e1ma: +36 30 433 6209<\/p>\n\n\n\n<p>E-mail c\u00edme: hello@martontoth.net<\/p>\n\n\n\n<p>Megb\u00edzott kiz\u00e1r\u00f3lag \u00edr\u00e1sban r\u00f6gz\u00edtett utas\u00edt\u00e1sokat hajthat v\u00e9gre. Az adatbiztons\u00e1g garant\u00e1l\u00e1sa \u00e9rdek\u00e9ben teljes\u00edti a szervez\u00e9si \u00e9s technikai int\u00e9zked\u00e9seket.<\/p>\n\n\n\n<p>Megb\u00edzott az adatv\u00e9delmi elj\u00e1r\u00e1sait \u00e9rint\u0151 \u00e9szrev\u00e9tel, k\u00e9rd\u00e9s, panasz eset\u00e9n a fenti el\u00e9rhet\u0151s\u00e9geken el\u00e9rhet\u0151. A v\u00e1laszt k\u00e9sedelem n\u00e9lk\u00fcl, de legfeljebb 30 napon bel\u00fcl megk\u00fcldi a Megb\u00edz\u00f3 \u00e1ltal megadott c\u00edmre.<\/p>\n\n\n\n<p>Az Adatkezel\u0151 az \u00e1ltala kezelt adatokat &#8211; a sz\u00fcks\u00e9ges m\u00e9rt\u00e9kben &#8211; tov\u00e1bb\u00edthatja a k\u00f6vetkez\u0151 ter\u00fcleteken tev\u00e9kenyked\u0151, \u00e1ltala kijel\u00f6lt szem\u00e9lyek, valamint t\u00e1rsas\u00e1gok r\u00e9sz\u00e9re:<\/p>\n\n\n\n<p>\u25cf Adatfeldolgoz\u00e1s<\/p>\n\n\n\n<p>\u25cf Jogi k\u00e9pviselet<\/p>\n\n\n\n<p>\u25cf Jogvit\u00e1k kezel\u00e9s\u00e9re jogszab\u00e1ly alapj\u00e1n jogosult szervek<\/p>\n\n\n\n<p>\u25cf K\u00e9zbes\u00edt\u00e9s<\/p>\n\n\n\n<p>\u25cf K\u00f6nyvel\u00e9s<\/p>\n\n\n\n<p>\u25cf K\u00f6vetel\u00e9skezel\u00e9s<\/p>\n\n\n\n<p>\u25cf Marketing<\/p>\n\n\n\n<p>\u25cf Sz\u00e1ml\u00e1z\u00e1s<\/p>\n\n\n\n<h2 class=\"wp-block-heading\">Adatkezel\u00e9s t\u00e1rgya, c\u00e9lja, jogalapja, id\u0151tartama<\/h2>\n\n\n\n<p>Adatkezel\u00e9s t\u00e1rgya: A Megb\u00edzott \u00e1raj\u00e1nlatok elk\u00e9sz\u00edt\u00e9s\u00e9hez \u00e9s megk\u00fcld\u00e9s\u00e9hez, valamint a szerz\u0151d\u00e9sben szerepl\u0151 Megb\u00edz\u00f3nak \u00e9s kapcsolattart\u00f3inak a szerz\u0151d\u00e9s teljes\u00edt\u00e9s\u00e9hez sz\u00fcks\u00e9ges adatai, el\u00e9rhet\u0151s\u00e9gei (n\u00e9v, telefonsz\u00e1m, e-mail c\u00edm).<\/p>\n\n\n\n<p>Adatkezel\u00e9s c\u00e9lja: A Megb\u00edzott a megb\u00edz\u00f3k kapcsolattart\u00f3inak adatait a szerz\u0151d\u00e9s teljes\u00edt\u00e9se c\u00e9lj\u00e1b\u00f3l kezeli.<\/p>\n\n\n\n<p>Adatkezel\u00e9s jogalapja: A megb\u00edz\u00f3i adatok kezel\u00e9s\u00e9nek jogalapja a GDPR 6. cikk (1) bekezd\u00e9s b) \u00e9s f) pontja.<\/p>\n\n\n\n<p>Adatkezel\u00e9ssel \u00e9rintett adatok k\u00f6re: A szerz\u0151d\u00e9sben megjel\u00f6lt kapcsolattart\u00f3 (term\u00e9szetes szem\u00e9ly) neve, beoszt\u00e1sa, telefonsz\u00e1ma, e-mail c\u00edme \u00e9s postac\u00edme.<\/p>\n\n\n\n<p>Adatkezel\u00e9s id\u0151tartama: A sz\u00e1ml\u00e1kat jogi k\u00f6telezetts\u00e9gb\u0151l ered\u0151en 8 \u00e9vig meg\u0151rizz\u00fck. A sz\u00e1mlaki\u00e1ll\u00edt\u00e1s alapj\u00e1ul szolg\u00e1l\u00f3 iratok (pl. megb\u00edz\u00e1si szerz\u0151d\u00e9s) meg\u0151rz\u00e9si ideje 8 \u00e9v. Szerz\u0151d\u00e9s teljes\u00edt\u00e9s\u00e9hez kapcsol\u00f3d\u00f3 adatok meg\u0151rz\u00e9se a szerz\u0151d\u00e9s megsz\u0171n\u00e9s\u00e9t\u0151l sz\u00e1m\u00edtott 5 \u00e9v. A megb\u00edz\u00f3 kapcsolattart\u00f3inak a szerz\u0151d\u00e9s teljes\u00edt\u00e9s\u00e9hez sz\u00fcks\u00e9ges adatai kiz\u00e1r\u00f3lag az \u00e9rintett szem\u00e9ly \u00edr\u00e1sbeli k\u00e9relm\u00e9re ker\u00fclnek t\u00f6rl\u00e9sre. Az adatok t\u00f6rl\u00e9se nem kezdem\u00e9nyezhet\u0151, ha annak t\u00e1rol\u00e1s\u00e1t joghat\u00f3s\u00e1g k\u00f6telez\u0151en el\u0151\u00edrja.<\/p>\n\n\n\n<h2 class=\"wp-block-heading\">\u00c9rintettek jogai<\/h2>\n\n\n\n<p>Szem\u00e9lyes adataival \u00f6sszef\u00fcgg\u00e9sben az \u00e9rintett a jogszab\u00e1lyban meghat\u00e1rozott, az al\u00e1bbiakban felsorolt jogokkal rendelkezik:<\/p>\n\n\n\n<ul class=\"wp-block-list\">\n<li>Hozz\u00e1f\u00e9r\u00e9si jog adatok megismer\u00e9s\u00e9hez, adatkezel\u00e9s t\u00e9ny\u00e9hez<\/li>\n\n\n\n<li>Adatok kiigaz\u00edt\u00e1s\u00e1hoz val\u00f3 jog, amennyiben az adat elavult vagy helytelen<\/li>\n\n\n\n<li>T\u00f6rl\u00e9shez val\u00f3 jog hozz\u00e1j\u00e1rul\u00e1si vagy adatkezel\u00e9si id\u0151tartamon t\u00fali adatkezel\u00e9s eset\u00e9n<\/li>\n\n\n\n<li>Adatok kezel\u00e9s\u00e9nek korl\u00e1toz\u00e1s\u00e1hoz val\u00f3 jog<\/li>\n\n\n\n<li>Szem\u00e9lyes adatok direkt marketing c\u00e9lra t\u00f6rt\u00e9n\u0151 haszn\u00e1lat\u00e1nak megtilt\u00e1s\u00e1hoz val\u00f3 jog<\/li>\n\n\n\n<li>Szem\u00e9lyes adatok harmadik szem\u00e9ly sz\u00e1m\u00e1ra t\u00f6rt\u00e9n\u0151 \u00e1tad\u00e1s\u00e1nak megtilt\u00e1s\u00e1hoz val\u00f3 jog<\/li>\n\n\n\n<li>B\u00e1rmely, az adatkezel\u0151 \u00e1ltal kezelt szem\u00e9lyes adatr\u00f3l t\u00f6rt\u00e9n\u0151 m\u00e1solat k\u00e9r\u00e9s\u00e9hez val\u00f3 jog<\/li>\n\n\n\n<li>Tiltakoz\u00e1si jog szem\u00e9lyes adat haszn\u00e1lata ellen<\/li>\n<\/ul>\n\n\n\n<h2 class=\"wp-block-heading\">Adatbiztons\u00e1g \u00e9s adatv\u00e9delmi incidens<\/h2>\n\n\n\n<p>Adatv\u00e9delmi incidens: A biztons\u00e1g s\u00e9r\u00fcl\u00e9se, amely a tov\u00e1bb\u00edtott, t\u00e1rolt vagy m\u00e1s m\u00f3don kezelt szem\u00e9lyes adatok v\u00e9letlen vagy jogellenes megsemmis\u00edt\u00e9s\u00e9t, elveszt\u00e9s\u00e9t, megv\u00e1ltoztat\u00e1s\u00e1t, jogosulatlan k\u00f6zl\u00e9s\u00e9t vagy az azokhoz val\u00f3 jogosulatlan hozz\u00e1f\u00e9r\u00e9st eredm\u00e9nyezi.<\/p>\n\n\n\n<p>Az informatikai rendszerek m\u0171k\u00f6dtet\u00e9se sor\u00e1n a sz\u00fcks\u00e9ges jogosults\u00e1gkezel\u00e9si, bels\u0151 szervez\u00e9si \u00e9s technikai megold\u00e1sokkal biztos\u00edtjuk, hogy adatai illet\u00e9ktelen szem\u00e9lyek birtok\u00e1ba ne juthassanak, illet\u00e9ktelen szem\u00e9lyek az adatokat ne tudj\u00e1k t\u00f6r\u00f6lni, m\u00f3dos\u00edtani vagy kimenteni a rendszerb\u0151l. Az adatv\u00e9delmi \u00e9s adatbiztons\u00e1gi k\u00f6vetelm\u00e9nyeket \u00e9rv\u00e9nyre juttatjuk adatfeldolgoz\u00f3inkkal szemben is. Az esetleges adatv\u00e9delmi incidensekr\u0151l nyilv\u00e1ntart\u00e1st vezet\u00fcnk. Magas kock\u00e1zattal j\u00e1r\u00f3 adatv\u00e9delmi incidens bek\u00f6vetkez\u00e9se eset\u00e9n indokolatlan k\u00e9sedelem n\u00e9lk\u00fcl t\u00e1j\u00e9koztatjuk a Megb\u00edz\u00f3t (a fel\u00fcgyeleti adatv\u00e9delmi hat\u00f3s\u00e1got pedig 72 \u00f3r\u00e1n bel\u00fcl).<\/p>\n\n\n\n<h2 class=\"wp-block-heading\">Jog\u00e9rv\u00e9nyes\u00edt\u00e9si lehet\u0151s\u00e9gek<\/h2>\n\n\n\n<p>Megb\u00edzott mindent elk\u00f6vet a Megb\u00edz\u00f3 \u00e9s kapcsolattart\u00f3i szem\u00e9lyes adatainak jogszab\u00e1lyoknak megfelel\u0151 kezel\u00e9se \u00e9rdek\u00e9ben. Amennyiben \u00fagy \u00e9rzi, megs\u00e9rtett\u00fck szem\u00e9lyes adatai v\u00e9delm\u00e9hez val\u00f3 jog\u00e1t, k\u00e9rj\u00fck, \u00edr\u00e1sban k\u00fcldje meg r\u00e9sz\u00fcnkre k\u00e9relm\u00e9t a hello@martontoth.net e-mail c\u00edmre vagy postai lev\u00e9lben az 2461 T\u00e1rnok, Munk\u00e1csy utca 39. c\u00edmre.<\/p>\n\n\n\n<p>Az ir\u00e1nyad\u00f3 jogszab\u00e1lyok szerint jogorvoslattal is \u00e9lhet az \u00fcgyben hat\u00e1sk\u00f6rrel rendelkez\u0151 szervekn\u00e9l:<\/p>\n\n\n\n<p><em>Nemzeti Adatv\u00e9delmi \u00e9s Inform\u00e1ci\u00f3szabads\u00e1g Hat\u00f3s\u00e1g<\/em><\/p>\n\n\n\n<p>1125 Budapest, Szil\u00e1gyi Erzs\u00e9bet fasor 22\/c<\/p>\n\n\n\n<p>telefon: 06-1 391-1400<\/p>\n\n\n\n<p>e-mail: ugyfelszolgalat@naih.hu<\/p>\n\n\n\n<p>weboldal: naih.hu<\/p>\n\n\n\n<h2 class=\"wp-block-heading\">T\u00e1j\u00e9koztat\u00e1s a nyilv\u00e1ntart\u00e1sokr\u00f3l<\/h2>\n\n\n\n<p>Megb\u00edzott az adatok kezel\u00e9s\u00e9t \u00e9s feldolgoz\u00e1s\u00e1t jogszer\u0171, \u00e1tl\u00e1that\u00f3 \u00e9s ellen\u0151rizhet\u0151 m\u00f3don v\u00e9gzi. A megb\u00edz\u00f3 kapcsolattart\u00f3inak adatair\u00f3l az al\u00e1bbi nyilv\u00e1ntart\u00e1st vezeti:<\/p>\n\n\n\n<p><strong>Adatkezel\u00e9si nyilv\u00e1ntart\u00e1s<\/strong><\/p>\n\n\n\n<p>Tartalma:<\/p>\n\n\n\n<ul class=\"wp-block-list\">\n<li>sorsz\u00e1m<\/li>\n\n\n\n<li>tev\u00e9kenys\u00e9g<\/li>\n\n\n\n<li>kezelt adatok<\/li>\n\n\n\n<li>adatkezel\u00e9si c\u00e9l<\/li>\n\n\n\n<li>adatkezel\u00e9si jogalap<\/li>\n\n\n\n<li>t\u00e1rol\u00e1s m\u00f3dja \u00e9s ideje<\/li>\n\n\n\n<li>adatkezel\u0151 neve \u00e9s el\u00e9rhet\u0151s\u00e9ge<\/li>\n\n\n\n<li>technikai \u00e9s szervez\u00e9si int\u00e9zked\u00e9sek<\/li>\n<\/ul>\n\n\n\n<h2 class=\"wp-block-heading\">Egy\u00e9b rendelkez\u00e9sek<\/h2>\n\n\n\n<p>Jelen T\u00e1j\u00e9koztat\u00f3ra az \u00c1ltal\u00e1nos Adatv\u00e9delmi Rendelet (a GDPR, azaz az Eur\u00f3pai Parlament \u00e9s Tan\u00e1cs 2016\/679. rendelete), valamint a magyar jog, k\u00fcl\u00f6n\u00f6sen az inform\u00e1ci\u00f3s \u00f6nrendelkez\u00e9si jogr\u00f3l \u00e9s az inform\u00e1ci\u00f3szabads\u00e1gr\u00f3l sz\u00f3l\u00f3 2011. \u00e9vi CXII. t\u00f6rv\u00e9ny (Infotv.), tov\u00e1bb\u00e1 a Polg\u00e1ri T\u00f6rv\u00e9nyk\u00f6nyvr\u0151l sz\u00f3l\u00f3 2013. \u00e9vi V. t\u00f6rv\u00e9ny (Ptk.) rendelkez\u00e9sei az ir\u00e1nyad\u00f3k.<\/p>","protected":false},"excerpt":{"rendered":"<p>Alapfogalmak Adatkezel\u00e9s: A szem\u00e9lyes adatokon vagy adat\u00e1llom\u00e1nyokon automatiz\u00e1lt vagy nem automatiz\u00e1lt m\u00f3don v\u00e9gzett b\u00e1rmely m\u0171velet vagy m\u0171veletek \u00f6sszess\u00e9ge, p\u00e9ld\u00e1ul: gy\u0171jt\u00e9s, r\u00f6gz\u00edt\u00e9s, rendszerez\u00e9s, tagol\u00e1s, t\u00e1rol\u00e1s, \u00e1talak\u00edt\u00e1s, megv\u00e1ltoztat\u00e1s, lek\u00e9rdez\u00e9s, betekint\u00e9s, felhaszn\u00e1l\u00e1s, k\u00f6zl\u00e9s, tov\u00e1bb\u00edt\u00e1s, terjeszt\u00e9s, egy\u00e9b m\u00f3don t\u00f6rt\u00e9n\u0151 hozz\u00e1f\u00e9rhet\u0151v\u00e9 t\u00e9tel, \u00f6sszehangol\u00e1s, \u00f6sszekapcsol\u00e1s, korl\u00e1toz\u00e1s, t\u00f6rl\u00e9s, megsemmis\u00edt\u00e9s. Adatfeldolgoz\u00e1s: Technikai jelleg\u0171 adatkezel\u00e9s. Szem\u00e9lyes adat: A term\u00e9szetes szem\u00e9lyre, azaz az \u00e9rintettre vonatkoz\u00f3 [&hellip;]<\/p>\n","protected":false},"author":1,"featured_media":0,"parent":0,"menu_order":0,"comment_status":"closed","ping_status":"open","template":"","meta":{"footnotes":""},"class_list":["post-3","page","type-page","status-publish","hentry"],"_links":{"self":[{"href":"https:\/\/martontoth.net\/en\/wp-json\/wp\/v2\/pages\/3","targetHints":{"allow":["GET"]}}],"collection":[{"href":"https:\/\/martontoth.net\/en\/wp-json\/wp\/v2\/pages"}],"about":[{"href":"https:\/\/martontoth.net\/en\/wp-json\/wp\/v2\/types\/page"}],"author":[{"embeddable":true,"href":"https:\/\/martontoth.net\/en\/wp-json\/wp\/v2\/users\/1"}],"replies":[{"embeddable":true,"href":"https:\/\/martontoth.net\/en\/wp-json\/wp\/v2\/comments?post=3"}],"version-history":[{"count":1,"href":"https:\/\/martontoth.net\/en\/wp-json\/wp\/v2\/pages\/3\/revisions"}],"predecessor-version":[{"id":3085,"href":"https:\/\/martontoth.net\/en\/wp-json\/wp\/v2\/pages\/3\/revisions\/3085"}],"wp:attachment":[{"href":"https:\/\/martontoth.net\/en\/wp-json\/wp\/v2\/media?parent=3"}],"curies":[{"name":"wp","href":"https:\/\/api.w.org\/{rel}","templated":true}]}}